{"id":289,"date":"2023-03-25T19:22:50","date_gmt":"2023-03-25T18:22:50","guid":{"rendered":"http:\/\/theatrem.fr\/?page_id=289"},"modified":"2025-09-17T23:14:59","modified_gmt":"2025-09-17T21:14:59","slug":"calendrier","status":"publish","type":"page","link":"https:\/\/theatrem.fr\/index.php\/calendrier\/","title":{"rendered":"Les dates"},"content":{"rendered":"\n<div class=\"wp-block-group\"><div class=\"wp-block-group__inner-container is-layout-constrained wp-block-group-is-layout-constrained\">\n<p>MACBETH : <\/p>\n<\/div><\/div>\n\n\n\n<p>2025 :<\/p>\n\n\n\n<p><strong>31 janvier et 1er f\u00e9vrier<\/strong> : Th\u00e9\u00e2tre Marie-Jeanne, Marseille &#8211; 20h30 &#8211; r\u00e9servation : <a href=\"https:\/\/www.theatre-mariejeanne.com\/\">https:\/\/www.theatre-mariejeanne.com\/<\/a><\/p>\n\n\n\n<p><strong>14 avril<\/strong> : Fuveau (13) &#8211; 14h30 &#8211; r\u00e9servation : <a href=\"https:\/\/www.billetweb.fr\/shop.php?event=macbeth-theatre-m&amp;multi=34458&amp;from_multi=1\">https:\/\/www.billetweb.fr\/shop.php?event=macbeth-theatre-m&amp;multi=34458&amp;from_multi=1<\/a><\/p>\n\n\n\n<p><strong>6 juin<\/strong> : festival des Garrigues, Montfort (04) &#8211; 19h45 pour les r\u00e9sa, \u00e7a va venir \ud83d\ude09 sinon faites une recherche google !<\/p>\n\n\n\n<p><strong>27 juin<\/strong> : Culture Payzen, ferme de Roger et Emilie, Payrolles en Provence (13) &#8211; r\u00e9servation aupr\u00e8s de Roger :  06 27 57 85 73<\/p>\n\n\n\n<p><strong>31 juillet<\/strong> : Festival des Tr\u00e9teaux, Ollioules (83) &#8211; r\u00e9servation sur le site de la mairie <a href=\"https:\/\/www.ollioules.fr\/\">https:\/\/www.ollioules.fr\/<\/a> ou par t\u00e9l <a href=\"tel:+33494304141\">+33 (0)4 94 30 41 41<\/a><\/p>\n\n\n\n<p><strong>18 septembre :<\/strong> Zblatata Festival, Salles-sur-Garonne (31)<\/p>\n\n\n\n<p><strong>20 septembre<\/strong> : Festival Lagadeu, Beaumont de Pertuis (84) &#8211; r\u00e9servations : <a href=\"https:\/\/lagadeufestival.com\/\">https:\/\/lagadeufestival.com\/<\/a><\/p>\n\n\n\n<p><strong>24 octobre : <\/strong>La Palud Sur Verdon (83)  &#8211; Foyer Rural -18h<\/p>\n\n\n\n<div style=\"height:39px\" aria-hidden=\"true\" class=\"wp-block-spacer\"><\/div>\n\n\n\n<hr class=\"wp-block-separator has-alpha-channel-opacity\"\/>\n\n\n\n<div style=\"height:39px\" aria-hidden=\"true\" class=\"wp-block-spacer\"><\/div>\n\n\n\n<p>2024 :<\/p>\n\n\n\n<div class=\"wp-block-group\"><div class=\"wp-block-group__inner-container is-layout-constrained wp-block-group-is-layout-constrained\">\n<p><mark><strong>10 f\u00e9vrier<\/strong> <\/mark>au Foyer Rural de Rians (83) &#8211; 20h30<\/p>\n\n\n\n<p><strong>6 mai<\/strong> au Cercle des Boulomanes de La Ciotat (13) &#8211; La Ciotat Culture &#8211; <a href=\"https:\/\/www.helloasso.com\/associations\/la-ciotat-culture\/evenements\/theatre-de-poche-de-la-ciotat\">r\u00e9servation ICI<\/a><\/p>\n\n\n\n<p><strong>du 9 au 11 mai<\/strong> au Th\u00e9\u00e2tre du Poulailler &#8211; 38 &#8211; <a href=\"https:\/\/www.theatrelepoulailler.com\/\">r\u00e9servation ICI <\/a><\/p>\n\n\n\n<p><strong>25 mai <\/strong>\u00e0 Fuveau (13) &#8211; Th\u00e9\u00e2tre de Bramefan &#8211; r\u00e9servation : <a href=\"mailto:denis.alessandra@laposte.net\" target=\"_blank\" rel=\"noreferrer noopener\">denis.alessandra@laposte.net<\/a><\/p>\n\n\n\n<p><strong>1 er juin<\/strong> \u00e0 Allauch (13) &#8211; 21h &#8211; Bastide de Fontvieille \/ TOUT PUBLIC r\u00e9servation : <a href=\"tel:04 91 10 48 22\">04 91 10 48 22<\/a> ou <a href=\"https:\/\/web.digitick.com\/index-css5-allauch-pg1.html?fbclid=IwZXh0bgNhZW0CMTAAAR1kD7VIp_bWVdKhG55ITCQJVfmgzdM7GDMG9Wln4y8zXt09bYRyHD87OC8_aem_AaAJ6TVoq_eA-JCW3hgZZDNYcgXzLW1M8GQRmMhpeMH_TO20eyie456vlceXKl7h6JOtB0_gxZ2hpHIJvJMGB7Sq\">ICI<\/a> (service culturel d&#8217;Allauch)<\/p>\n<\/div><\/div>\n\n\n\n<p><strong>19 juillet<\/strong> \u00e0 Roquevaire (13) &#8211; Programmation estivale de l&#8217;office de tourisme et de la mairie<\/p>\n\n\n\n<div class=\"wp-block-group\"><div class=\"wp-block-group__inner-container is-layout-constrained wp-block-group-is-layout-constrained\">\n<p><strong>20 juillet<\/strong> \u00e0 Montfort sur Argens (83) &#8211; Festival Montf&#8217;art de Rue &#8211; 17h15 <\/p>\n\n\n\n<p><strong>27 juillet<\/strong> \u00e0 Gourdouze (48) &#8211; r\u00e9servation : <a href=\"mailto:hustan74@gmail.com\">hustan74@gmail.com<\/a> ou sur https:\/\/www.gourdouze.com\/<\/p>\n\n\n\n<p><strong>du 14 au 17 ao\u00fbt<\/strong> \u00e0 Aurillac (15) &#8211; Festival International de Th\u00e9\u00e2tre de Rue &#8211; Collectif La Nurserie &#8211; probablement 20h!<\/p>\n\n\n\n<hr class=\"wp-block-separator has-alpha-channel-opacity\"\/>\n\n\n\n<p>STAGES :<\/p>\n\n\n\n<p>INITIATION AU JEU MASQU\u00e9 (avec Ivan)- pour com\u00e9dien.ne.s &#8211;  13 et 14 mai &#8211; P\u00f4le Nord (L&#8217;Estaque, 13)<\/p>\n\n\n\n<p>FORMATION &#8220;PRISE DE CONFIANCE PAR LA PRISE DE PAROLE&#8221; :<\/p>\n\n\n\n<p>Au <strong>PLIE<\/strong> (P\u00f4le Local d&#8217;Insertion par l&#8217;Emploi) de La Ciotat (13) &#8211; 1\/02 &#8211; 21\/03 &#8211; 3\/06 <\/p>\n\n\n\n<hr class=\"wp-block-separator has-alpha-channel-opacity\"\/>\n\n\n\n<p><mark style=\"background-color:#8ed1fc\" class=\"has-inline-color has-black-color\">EN 2023 : <\/mark><\/p>\n\n\n\n<p>MACBETH : <\/p>\n\n\n\n<p><mark><strong>4 mai<\/strong> <\/mark>au Th\u00e9\u00e2tre de la Chaudronnerie (La Ciotat) &#8211; 20h<\/p>\n\n\n\n<p><mark><mark style=\"background-color:rgba(0, 0, 0, 0)\" class=\"has-inline-color has-black-color\"><strong>11 juin<\/strong><\/mark><\/mark> chez Colette Becar (La Ciotat) (r\u00e9sa 06 41 91 74 46) &#8211; 19h<\/p>\n\n\n\n<p><mark><strong>24 juin<\/strong><\/mark> au festival <em><a rel=\"noreferrer noopener\" href=\"https:\/\/www.ville-pertuis.fr\/ad_attachment\/2023\/agenda\/Programme%20L%C3%A9zardons%202023.pdf\" target=\"_blank\">L\u00e9zardons dans la rue<\/a><\/em> (Ville de Pertuis) &#8211; 19h15<\/p>\n\n\n\n<p><mark style=\"background-color:rgba(0, 0, 0, 0)\" class=\"has-inline-color has-black-color\"><strong>25 juillet<\/strong> <\/mark>(<strong>SCOLAIRE<\/strong> <strong>version jeune public) <\/strong>pour l&#8217;Et\u00e9 Culturel Marseillais (mairie des 4\u00e8me et 5\u00e8me arrondissements) &#8211; 15h<\/p>\n\n\n\n<p><mark style=\"background-color:rgba(0, 0, 0, 0)\" class=\"has-inline-color has-black-color\"><strong>10 ao\u00fbt<\/strong> <\/mark>&#8211; Guinguett&#8217;estivales (r\u00e9servation : <a href=\"https:\/\/leplancherdeschevres.fr\/\" target=\"_blank\" rel=\"noreferrer noopener\">https:\/\/leplancherdeschevres.fr\/<\/a>) &#8211; Bauduen (83) &#8211; 21h <\/p>\n\n\n\n<p><mark style=\"background-color:rgba(0, 0, 0, 0)\" class=\"has-inline-color has-black-color\"><strong>9 septembre<\/strong><\/mark> chez Isabelle Rigail (La Ciotat) &#8211; 19h30 (r\u00e9sa 06 41 91 74 46 ou contact@theatrem.fr)<\/p>\n\n\n\n<p><strong><mark>17 septembre<\/mark> <\/strong>chez Colette Becar \u00e0 La Ciotat &#8211; 19h (r\u00e9sa 06 41 91 74 46 ou contact@theatrem.fr)<\/p>\n\n\n\n<p><a href=\"https:\/\/www.theatredeschartreux.com\/\" data-type=\"link\" data-id=\"https:\/\/www.theatredeschartreux.com\/\"><strong><mark style=\"background-color:rgba(0, 0, 0, 0)\" class=\"has-inline-color has-black-color\">23 septembre<\/mark><\/strong> au Th\u00e9\u00e2tre des Chartreux<\/a> (Marseille) r\u00e9servation 04 91 50 18 90 ou info@theatredeschartreux.com &#8211; 20h<\/p>\n\n\n\n<p><a href=\"https:\/\/www.vitrolles13.fr\/senrichir\/programmation-culturelle\/\" data-type=\"link\" data-id=\"https:\/\/www.vitrolles13.fr\/senrichir\/programmation-culturelle\/\"><mark><strong>6 octobre<\/strong><\/mark> \u00e0 Vitrolles (Ville de Vitrolles, r\u00e9servation ICI)<\/a> &#8211; Th\u00e9\u00e2tre de Verdure &#8211; 20h30<\/p>\n\n\n\n<p><strong><mark>8 octobre<\/mark> <\/strong>chez Colette Becar \u00e0 La Ciotat (r\u00e9sa 06 41 91 74 46 ou contact@theatrem.fr)<\/p>\n\n\n\n<p><\/p>\n<\/div><\/div>\n\n\n\n<hr class=\"wp-block-separator has-alpha-channel-opacity\"\/>\n\n\n\n<p class=\"has-text-align-center\"><em><kbd>Contact diffusion : <\/kbd><\/em><\/p>\n\n\n\n<p class=\"has-text-align-center\"><em><kbd>Ivan Bougnoux - contact@theatrem.fr - 06 41 91 74 46<\/kbd><\/em><\/p>\n\n\n\n<hr class=\"wp-block-separator has-alpha-channel-opacity\"\/>\n\n\n\n<div class=\"wp-block-group\"><div class=\"wp-block-group__inner-container is-layout-constrained wp-block-group-is-layout-constrained\">\n<p><\/p>\n\n\n\n<p><\/p>\n\n\n\n<p class=\"has-text-align-left\"><\/p>\n<\/div><\/div>\n","protected":false},"excerpt":{"rendered":"<p>MACBETH : 2025 : 31 janvier et 1er f\u00e9vrier : Th\u00e9\u00e2tre Marie-Jeanne, Marseille &#8211; 20h30 &#8211; r\u00e9servation : https:\/\/www.theatre-mariejeanne.com\/ 14 avril : Fuveau (13) &#8211; 14h30 &#8211; r\u00e9servation : https:\/\/www.billetweb.fr\/shop.php?event=macbeth-theatre-m&amp;multi=34458&amp;from_multi=1 6 juin : festival des Garrigues, Montfort (04) &#8211; 19h45 pour les r\u00e9sa, \u00e7a va venir \ud83d\ude09 sinon faites une recherche google ! 27 juin &hellip; <\/p>\n<p class=\"link-more\"><a href=\"https:\/\/theatrem.fr\/index.php\/calendrier\/\" class=\"more-link\">Continue reading<span class=\"screen-reader-text\"> &#8220;Les dates&#8221;<\/span><\/a><\/p>\n","protected":false},"author":1,"featured_media":0,"parent":0,"menu_order":0,"comment_status":"closed","ping_status":"closed","template":"","meta":{"footnotes":""},"class_list":["post-289","page","type-page","status-publish","hentry"],"_links":{"self":[{"href":"https:\/\/theatrem.fr\/index.php\/wp-json\/wp\/v2\/pages\/289","targetHints":{"allow":["GET"]}}],"collection":[{"href":"https:\/\/theatrem.fr\/index.php\/wp-json\/wp\/v2\/pages"}],"about":[{"href":"https:\/\/theatrem.fr\/index.php\/wp-json\/wp\/v2\/types\/page"}],"author":[{"embeddable":true,"href":"https:\/\/theatrem.fr\/index.php\/wp-json\/wp\/v2\/users\/1"}],"replies":[{"embeddable":true,"href":"https:\/\/theatrem.fr\/index.php\/wp-json\/wp\/v2\/comments?post=289"}],"version-history":[{"count":33,"href":"https:\/\/theatrem.fr\/index.php\/wp-json\/wp\/v2\/pages\/289\/revisions"}],"predecessor-version":[{"id":501,"href":"https:\/\/theatrem.fr\/index.php\/wp-json\/wp\/v2\/pages\/289\/revisions\/501"}],"wp:attachment":[{"href":"https:\/\/theatrem.fr\/index.php\/wp-json\/wp\/v2\/media?parent=289"}],"curies":[{"name":"wp","href":"https:\/\/api.w.org\/{rel}","templated":true}]}}